{"id":339,"date":"2019-12-16T19:29:18","date_gmt":"2019-12-16T18:29:18","guid":{"rendered":"http:\/\/www2.mcb.ch\/?page_id=339"},"modified":"2023-03-22T12:07:22","modified_gmt":"2023-03-22T11:07:22","slug":"chronik","status":"publish","type":"page","link":"http:\/\/www.mcb.ch\/index.php\/chronik\/","title":{"rendered":"Chronik"},"content":{"rendered":"\n<h2 class=\"wp-block-heading\">Chronik des MCB<\/h2>\n\n\n\n<div class=\"wp-block-group\"><div class=\"wp-block-group__inner-container is-layout-flow wp-block-group-is-layout-flow\">\n<div class=\"wp-block-columns are-vertically-aligned-bottom is-layout-flex wp-container-core-columns-is-layout-1 wp-block-columns-is-layout-flex\">\n<div class=\"wp-block-column is-vertically-aligned-bottom is-layout-flow wp-block-column-is-layout-flow\" style=\"flex-basis:100%\">\n<figure class=\"wp-block-table is-style-stripes has-medium-font-size\">\n<table>\n<tbody>\n<tr>\n<td class=\"has-text-align-left\" width=\"200px\" data-align=\"left\">2023<\/td>\n<td>Folgt..<\/td>\n<\/tr>\n<tr>\n<td class=\"has-text-align-left\" data-align=\"left\">2022<\/td>\n<td><strong>H\u00f6ck und Veranstaltungen<\/strong><br>Donnerstag,&nbsp;&nbsp;03. Februar <br>H\u00f6ck im J\u00e4ger&nbsp;&nbsp;&nbsp;&nbsp;&nbsp;&nbsp;&nbsp;&nbsp;&nbsp;&nbsp;&nbsp;&nbsp;&nbsp;&nbsp;&nbsp;&nbsp;&nbsp;&nbsp;&nbsp;&nbsp;&nbsp;&nbsp;&nbsp;&nbsp;&nbsp;&nbsp;&nbsp;&nbsp;&nbsp;&nbsp;Personen&nbsp;&nbsp;&nbsp;&nbsp;&nbsp; 10<br>Donnerstag,&nbsp;&nbsp;&nbsp;&nbsp;&nbsp;&nbsp;&nbsp;&nbsp;&nbsp;&nbsp;&nbsp;&nbsp;&nbsp; 03. M\u00e4rz <br>H\u00f6ck im J\u00e4ger&nbsp;&nbsp;&nbsp;&nbsp;&nbsp;&nbsp;&nbsp;&nbsp;&nbsp;&nbsp;&nbsp;&nbsp;&nbsp;&nbsp;&nbsp;&nbsp;&nbsp;&nbsp;&nbsp;&nbsp;&nbsp;&nbsp;&nbsp;&nbsp;&nbsp;&nbsp;&nbsp;&nbsp;&nbsp;&nbsp;Personen &nbsp;&nbsp;&nbsp;&nbsp; &nbsp;9<br>Samstag,&nbsp;&nbsp;&nbsp;&nbsp;&nbsp;&nbsp;&nbsp;&nbsp;&nbsp;&nbsp;&nbsp;&nbsp;&nbsp;&nbsp;&nbsp;&nbsp;&nbsp;&nbsp; 19. M\u00e4rz <br>HV Rest. Traube M\u00fchleberg&nbsp;&nbsp;Personen&nbsp;&nbsp;&nbsp;&nbsp;&nbsp; 24<br>Donnerstag,&nbsp;&nbsp;&nbsp;&nbsp;&nbsp;&nbsp;&nbsp;&nbsp;&nbsp;&nbsp;&nbsp;&nbsp;&nbsp; 07. April <br>H\u00f6ck im J\u00e4ger&nbsp;&nbsp;&nbsp;&nbsp;&nbsp;&nbsp;&nbsp;&nbsp;&nbsp;&nbsp;&nbsp;&nbsp;&nbsp;&nbsp;&nbsp;&nbsp;&nbsp;&nbsp;&nbsp;&nbsp;&nbsp;&nbsp;&nbsp;&nbsp;&nbsp;&nbsp;&nbsp;&nbsp;&nbsp;&nbsp;Personen&nbsp;&nbsp;&nbsp;&nbsp;&nbsp; 10<br>Donnerstag,&nbsp;&nbsp;&nbsp;&nbsp;&nbsp;&nbsp;&nbsp;&nbsp;&nbsp;&nbsp;&nbsp;&nbsp;&nbsp; 05. Mail <br>H\u00f6ck im J\u00e4ger&nbsp;&nbsp;&nbsp;&nbsp;&nbsp;&nbsp;&nbsp;&nbsp;&nbsp;&nbsp;&nbsp;&nbsp;&nbsp;&nbsp;&nbsp;&nbsp;&nbsp;&nbsp;&nbsp;&nbsp;&nbsp;&nbsp;&nbsp;&nbsp;&nbsp;&nbsp;&nbsp;&nbsp;&nbsp;&nbsp;Personen&nbsp;&nbsp;&nbsp;&nbsp;&nbsp; 10<br>Samstag,&nbsp;&nbsp;&nbsp;&nbsp;&nbsp;&nbsp;&nbsp;&nbsp;&nbsp;&nbsp;&nbsp;&nbsp;&nbsp;&nbsp;&nbsp;&nbsp;&nbsp;&nbsp; 07. Mai <br>Fr\u00fchlingsfahrt&nbsp;&nbsp;&nbsp;&nbsp;&nbsp;&nbsp;&nbsp;&nbsp;&nbsp;&nbsp;&nbsp;&nbsp;&nbsp;&nbsp;&nbsp;&nbsp;&nbsp;&nbsp;&nbsp;&nbsp;&nbsp;&nbsp;&nbsp;&nbsp;&nbsp;&nbsp;&nbsp;&nbsp;&nbsp;Personen&nbsp;&nbsp;&nbsp;&nbsp;&nbsp; 10<br>Fr. bis So,&nbsp;&nbsp;&nbsp;&nbsp;&nbsp;&nbsp;&nbsp;&nbsp;&nbsp;&nbsp;&nbsp;&nbsp;&nbsp;&nbsp;&nbsp;&nbsp;&nbsp; 20.-22. Juni <br>\u00abPfingstfahrt&nbsp;&nbsp;&nbsp;&nbsp;&nbsp;&nbsp;&nbsp;&nbsp;&nbsp;&nbsp;&nbsp;&nbsp;&nbsp;&nbsp;&nbsp;&nbsp;&nbsp;&nbsp;&nbsp;&nbsp;&nbsp;&nbsp;&nbsp;&nbsp;&nbsp;&nbsp;&nbsp;&nbsp;&nbsp;&nbsp;&nbsp;&nbsp;Personen&nbsp;&nbsp;&nbsp;&nbsp;&nbsp; 11<br>Donnerstag,&nbsp;&nbsp;&nbsp;&nbsp;&nbsp;&nbsp;&nbsp;&nbsp;&nbsp;&nbsp;&nbsp;&nbsp;&nbsp; 02. Juni <br>H\u00f6ck im J\u00e4ger&nbsp;&nbsp;&nbsp;&nbsp;&nbsp;&nbsp;&nbsp;&nbsp;&nbsp;&nbsp;&nbsp;&nbsp;&nbsp;&nbsp;&nbsp;&nbsp;&nbsp;&nbsp;&nbsp;&nbsp;&nbsp;&nbsp;&nbsp;&nbsp;&nbsp;&nbsp;&nbsp;&nbsp;&nbsp;&nbsp;&nbsp;&nbsp;Personen&nbsp;&nbsp;&nbsp;&nbsp;&nbsp; 10<br>Sonntag,&nbsp;&nbsp;&nbsp;&nbsp;&nbsp;&nbsp;&nbsp;&nbsp;&nbsp;&nbsp;&nbsp;&nbsp;&nbsp;&nbsp;&nbsp;&nbsp;&nbsp;&nbsp;&nbsp; 03. Juli <br>Ausfahrt Oberland&nbsp;&nbsp;&nbsp;&nbsp;&nbsp;&nbsp;&nbsp;&nbsp;&nbsp;&nbsp;&nbsp;&nbsp;&nbsp;&nbsp;&nbsp;&nbsp;&nbsp;&nbsp;&nbsp;&nbsp;&nbsp;&nbsp;&nbsp;Personen&nbsp;&nbsp;&nbsp;&nbsp;&nbsp; 12<br>Donnerstag,&nbsp;&nbsp;&nbsp;&nbsp;&nbsp;&nbsp;&nbsp;&nbsp;&nbsp;&nbsp;&nbsp;&nbsp;&nbsp; 04. August <br>H\u00f6ck bei Benu&nbsp;&nbsp;&nbsp; &nbsp;&nbsp;&nbsp;&nbsp;&nbsp;&nbsp;&nbsp;&nbsp;&nbsp;&nbsp;&nbsp;&nbsp;&nbsp;&nbsp;&nbsp;&nbsp;&nbsp;&nbsp;&nbsp;&nbsp;&nbsp;&nbsp;&nbsp;&nbsp;&nbsp;&nbsp;&nbsp;&nbsp;Personen&nbsp;&nbsp;&nbsp;&nbsp;&nbsp; 14<br>Fr. bis So,&nbsp;&nbsp;&nbsp;&nbsp;&nbsp; &nbsp;&nbsp;&nbsp;&nbsp;&nbsp;&nbsp;&nbsp;&nbsp;&nbsp; 12.-14. August <br>P\u00e4ssefahrt&nbsp;&nbsp; De\/Fr&nbsp;&nbsp; &nbsp;&nbsp;&nbsp;&nbsp;&nbsp;&nbsp;&nbsp;&nbsp;&nbsp;&nbsp;&nbsp;&nbsp;&nbsp;&nbsp;&nbsp;&nbsp;&nbsp;&nbsp;&nbsp;&nbsp; Personen&nbsp;&nbsp;&nbsp;&nbsp;&nbsp; 14&nbsp;&nbsp;&nbsp;&nbsp;&nbsp;&nbsp;&nbsp;<br>Donnerstag,&nbsp;&nbsp;&nbsp;&nbsp;&nbsp;&nbsp;&nbsp;&nbsp;&nbsp;&nbsp;&nbsp;&nbsp;&nbsp; 01. Sept. <br>H\u00f6ck im Brunnetal&nbsp;&nbsp; &nbsp;&nbsp;&nbsp;&nbsp;&nbsp;&nbsp;&nbsp;&nbsp;&nbsp;&nbsp;&nbsp;&nbsp;&nbsp;&nbsp;&nbsp;&nbsp;&nbsp;&nbsp;&nbsp;Personen&nbsp;&nbsp;&nbsp;&nbsp;&nbsp;&nbsp;&nbsp; 8<br>Donnerstag,&nbsp;&nbsp;&nbsp;&nbsp;&nbsp;&nbsp;&nbsp;&nbsp;&nbsp;&nbsp;&nbsp;&nbsp;&nbsp; 06. Oktober <br>H\u00f6ck im J\u00e4ger&nbsp;&nbsp;&nbsp;&nbsp;&nbsp;&nbsp;&nbsp;&nbsp;&nbsp;&nbsp;&nbsp;&nbsp;&nbsp;&nbsp;&nbsp;&nbsp;&nbsp;&nbsp;&nbsp;&nbsp;&nbsp;&nbsp;&nbsp;&nbsp;&nbsp;&nbsp;&nbsp;&nbsp;&nbsp;&nbsp;&nbsp;&nbsp;&nbsp;Personen&nbsp;&nbsp; &nbsp;&nbsp; 10<br>Sonntag,&nbsp;&nbsp;&nbsp;&nbsp;&nbsp;&nbsp;&nbsp;&nbsp;&nbsp;&nbsp;&nbsp;&nbsp;&nbsp;&nbsp;&nbsp;&nbsp;&nbsp;&nbsp;&nbsp; 09. Oktober <br>Jurafahrt&nbsp;&nbsp;&nbsp;&nbsp;&nbsp;&nbsp;&nbsp;&nbsp;&nbsp;&nbsp;&nbsp;&nbsp;&nbsp;&nbsp;&nbsp;&nbsp;&nbsp;&nbsp;&nbsp;&nbsp;&nbsp;&nbsp;&nbsp;&nbsp;&nbsp;&nbsp;&nbsp;&nbsp;&nbsp;&nbsp;&nbsp;&nbsp;&nbsp;&nbsp;&nbsp;&nbsp;&nbsp;&nbsp;&nbsp;&nbsp;&nbsp;&nbsp;&nbsp;&nbsp;Personen&nbsp;&nbsp;&nbsp;&nbsp;&nbsp; &nbsp; 5<br>Sonntag,&nbsp;&nbsp;&nbsp;&nbsp;&nbsp;&nbsp;&nbsp; &nbsp;&nbsp;&nbsp; &nbsp;&nbsp;&nbsp;&nbsp;&nbsp;&nbsp;&nbsp; 23. Oktober <br>Schlussfahrt&nbsp;&nbsp; &nbsp;&nbsp;&nbsp;&nbsp;&nbsp;&nbsp;&nbsp;&nbsp;&nbsp;&nbsp;&nbsp;&nbsp;&nbsp;&nbsp;&nbsp;&nbsp;&nbsp;&nbsp;&nbsp;&nbsp;&nbsp;&nbsp;&nbsp;&nbsp;&nbsp;&nbsp;&nbsp;&nbsp;&nbsp;&nbsp;&nbsp;&nbsp;&nbsp;&nbsp;Personen&nbsp;&nbsp;&nbsp;&nbsp;&nbsp; 15&nbsp;&nbsp;<br>Samstag,&nbsp;&nbsp;&nbsp;&nbsp;&nbsp;&nbsp;&nbsp;&nbsp;&nbsp;&nbsp;&nbsp;&nbsp;&nbsp;&nbsp;&nbsp;&nbsp;&nbsp;&nbsp; 12. November <br>Schlussessen in Traube&nbsp;&nbsp;&nbsp;&nbsp;&nbsp;&nbsp;&nbsp;&nbsp;&nbsp;&nbsp;&nbsp;&nbsp;&nbsp; Personen &nbsp;&nbsp;&nbsp;&nbsp; 21<br>Donnerstag,&nbsp;&nbsp;&nbsp;&nbsp;&nbsp;&nbsp;&nbsp;&nbsp;&nbsp;&nbsp;&nbsp;&nbsp;&nbsp; 01. Dezember <br>Chlouseh\u00f6ck im J\u00e4ger&nbsp;&nbsp;&nbsp;&nbsp;&nbsp;&nbsp;&nbsp;&nbsp;&nbsp;&nbsp;&nbsp;&nbsp;&nbsp;&nbsp;&nbsp;&nbsp; Personen &nbsp;&nbsp;&nbsp;&nbsp; 16<br><br><strong>Die durchschnittliche Teilnehmerzahl betrug ca. 13 Personen pro Veranstaltung.<\/strong><\/td>\n<\/tr>\n<tr>\n<td class=\"has-text-align-left\" data-align=\"left\">2021<\/td>\n<td>Etwas aus dem SRF Archiv, <a href=\"https:\/\/www.srf.ch\/play\/tv\/karussell\/video\/karussell-vom-30-06-1981?urn=urn:srf:video:8b96117b-5431-4c14-b470-f03371f33820\">Sendung Karussell 1981<\/a>, der Moto Club B\u00fcmpliz reist an die TT Insle of Men<\/td>\n<\/tr>\n<tr>\n<td class=\"has-text-align-left\" data-align=\"left\">2020<\/td>\n<td>Der MCB erh\u00e4lt eine neuen Internetauftritt.<\/td>\n<\/tr>\n<tr>\n<td class=\"has-text-align-left\" data-align=\"left\">2019<\/td>\n<td>An der HV 2019 durfte der MCB auf ein erfolgreiches Jahr 2018 zur\u00fcckblicken mit einer durchschnittlichen Beteiligung von 15 Personen an 11 Clubveranstaltungen. Dank Bruno Howald konnten wir die alten Zeiten vom MCB wieder einmal geniessen, dank seiner Dia-Schau. Danke Bruno<\/td>\n<\/tr>\n<tr>\n<td class=\"has-text-align-left\" data-align=\"left\">2018<\/td>\n<td>An der HV am 17.03.2018 konnten wir ein langj\u00e4hriges Mitglied Rappo Vital wieder einmal sehen dabei konnten wir im auch gleich zu seinem 20. j\u00e4hrigen Jubil\u00e4um gratulieren. Im Jahr 2017 haben durchnittlich 12 Personen an den 7 durchgef\u00fchrten Veranstaltungen teilgenommen. Nur 7 Veranstaltungen waren es, weil das Wetter nicht immer auf unserer Seite stand.<\/td>\n<\/tr>\n<tr>\n<td class=\"has-text-align-left\" data-align=\"left\">2017<\/td>\n<td>Am 18.11.2017 feierten wir das 90 j\u00e4hrige bestehen des Moto Club B\u00fcmpliz an einem gelungenen Fest. Bericht<\/td>\n<\/tr>\n<tr>\n<td class=\"has-text-align-left\" data-align=\"left\">2016<\/td>\n<td>Der Moto Club B\u00fcmpliz hat entschlossen f\u00fcr den Monatsh\u00f6ck und Hauptversammlung ein neues Lokal zu suchen, und wurde auch f\u00fcndig.<br>Wir wurden herzlich im Restaurant Tscharnergut aufgenommen und starteten mit dem Chlouseh\u00f6ck.<br>Das Echo war positiv und der MCB hat somit ein neues Lokal f\u00fcr seine Anl\u00e4sse gefunden.Das Beste im 2016 waren sicher die beiden Ausfahrten an der Auffahrt nach Sesto Calende und die 3 Tag Fahrt rund um den Lac d\u2019Annecy<br>Die Fr\u00fchlingsfahrt viel dem Wetter zum Opfer. Die P\u00e4ssefahrt am 1. August von Bruno wurde abg\u00e4ndert und zu einem guten Ende gef\u00fchrt.<br>Die Beteiligung an den Mehrt\u00e4gigen Fahrten war gut und es scheint das der Club wieder vermehrt wahrgenommen wird,<br>auch wenn es immer wieder die Langj\u00e4hrigen Mitglieder sind die am Clubleben Teilnehmen.<\/td>\n<\/tr>\n<tr>\n<td class=\"has-text-align-left\" data-align=\"left\">2015<\/td>\n<td>An der HV konnte ein Neumitglied aufgenommen werden Names Marianne Mendez.<br>Dieses Jahr f\u00fchrte uns die P\u00e4ssefahrt, welche diesen Namen auch verdiente ins wundersch\u00f6ne Vercor (Frankreich). Sieben MCBler genossen diese Ausfahrt bei pr\u00e4chtigem Wetter. An Stelle ein herzliches Dankesch\u00f6n an die Organisatoren (Benu und Housi)<br>An dieser Ausfahrt konnten wir auch noch zwei neue Mitglieder aufnehmen. (Sonja und Ueli)&nbsp; Bericht<\/td>\n<\/tr>\n<tr>\n<td class=\"has-text-align-left\" data-align=\"left\">2014<\/td>\n<td>Trotz diversen kurzfristigen Absagen waren10 MCB`ler \u00dcber die Auffahrt in Verbania unter der F\u00fchrung von Howald Bruno.<\/td>\n<\/tr>\n<tr>\n<td class=\"has-text-align-left\" data-align=\"left\">2013<\/td>\n<td>Die Saison 2013 konnten wir mit einer gut besuchten Hauptversammlung starten. 3 Tagesfahrt im August ins Elsass und Schwarzwald.<br>Das Wetter war in dieser Saison nicht so auf unserer Seite.<\/td>\n<\/tr>\n<tr>\n<td class=\"has-text-align-left\" data-align=\"left\">2012<\/td>\n<td>Die Website des Clubs wird in neue H\u00e4nde kommen und somit weiterbestehen.<br>Totgesagte Leben bekanntlich l\u00e4nger!<br>Wir konnten auch diese Saison wieder einige Ausfahrten bei unterschiedlichem Wetter und Teilnahme&nbsp; durchf\u00fchren. Die Schlussfahrt \u00dcbertraf jedoch alles in dieser Saison 16 Teilnehmer unter der Leitung von Howald Bruno fuhren bei super Wetter durchs Emmenthal.<br>Ein Foto der Teilnehmer<\/td>\n<\/tr>\n<tr>\n<td class=\"has-text-align-left\" data-align=\"left\">2011<\/td>\n<td>Auf ende dieses Jahres verl\u00e4sst uns unser Langj\u00e4hriger Tourenleiter. Schade!<br>Doch auch das wird der MCB wegstecken und es wird irgendwie weitergehen.<br>An der Mitgliederversammlung im S\u00fcder wird dieses Jahr interessantes zu erfahren sein \u00dcber das weiterbestehen des Moto und Autoclubs B\u00fcmpliz<\/td>\n<\/tr>\n<tr>\n<td class=\"has-text-align-left\" data-align=\"left\">2009<\/td>\n<td>Wegen schlechter Witterung und mangels Beteiligung werden dieses Jahr einige Ausfahrten kurzfristig abgesagt.<br>Unser Seitenwagenteam Schlosser wird in dieser Saison zum 3. Mal IDM-Meister.<br>Mehr unter Sidecar. Wir gratulieren herzlich!<\/td>\n<\/tr>\n<tr>\n<td class=\"has-text-align-left\" data-align=\"left\">2008<\/td>\n<td>Der MCB versucht mit einem vollen und vielseitigen Jahresprogramm die Mitglieder zu mehr Aktivit\u00e4t im Club zu mobilisieren. So f\u00fchren wir im Winter einen Schlitteltag und einen Bowlingabend durch und w\u00e4hrend der Saison werden interessante, mehrt\u00e4tige Fahren durchgef\u00fchrt;<br>doch der Erfolg bleibt auch dieses Jahr aus und so f\u00e4hrt leider nur noch der &#171;harte Kern&#187; mit.<\/td>\n<\/tr>\n<tr>\n<td class=\"has-text-align-left\" data-align=\"left\">2007<\/td>\n<td>Es war wiederum kein einfaches Jahr f\u00fcr unseren Club. Die Ausfahrten wurden zwar rege besucht, doch mit den Monatlichen H\u00f6cks scheint es nicht so recht zu klappen. Ist es der Ort, die Beiz, oder einfach weil ein Jeder heute viele andere M\u00f6glichkeiten hat. Wir wissen es nicht. Fakt ist, dass nur ein zusammenhalten des harten Kerns des MCBs diesen Club am Leben halten kann. Jeder sollte f\u00fcr sich pr\u00fcfen, was f\u00fcr Ihn noch Interessant ist an diesem Verein und dann da mitmachen wo es ihm gef\u00e4llt.<br>Es kommen wieder andere Zeiten, ob sie f\u00fcr uns besser sein werden wissen wir nicht, sind wir doch alle ein wenig in die Jahre gekommen.<br>So lange wir Freude am Motorradfahren haben und allem was dazugeh\u00f6rt geht die Geschichte des MCB weiter.<\/td>\n<\/tr>\n<tr>\n<td class=\"has-text-align-left\" data-align=\"left\">2006<\/td>\n<td>Wiederum gelang es dem Club trotz schwindenden Mitgliedern das Interesse an den Ausfahrten hoch zu halten. Es scheint so zu sein, dass der harte Kern zwar immer ein Jahr \u00c4lter wird, jedoch keinesfalls m\u00fcde um mitzumachen. Was da so alles erlebt wurde auf den diversen Ausfahrten kann alles auf dieser Homepage nachgelesen werden.<br>Die Tourenberichte findest du beim Button Archiv.Unserem Seitenwagenteam gelang ein grosser Coup, konnte doch der Meistertitel errungen werden.<br>Im n\u00e4chsten Jahr soll sogar um die WM gefahren werden Auch unsere Seitenwagenoldies waren wiederum sehr Aktiv und Erfolgreich.<br>Die Berichte findest du unter Sidecar.Das n\u00e4chste Jahr kann kommen.<\/td>\n<\/tr>\n<tr>\n<td class=\"has-text-align-left\" data-align=\"left\">2005<\/td>\n<td>Das 8. Internationale Motorradtreffen wird zugleich das letzte sein f\u00fcr l\u00e4ngere Zeit.<br>Trotz Attraktionen wie ein BMW Probefahren aller Modelle organisiert durch die Firma Moto Michel in Wabern und einem tollen Stuntman Buddy aus Deutschland kamen leider zuwenig Motorradfahrer ins Biberenbad so dass dem Verein ein Verlust entstand.<br>Leider geht so eine erfolgreiche 8 J\u00e4hrige Geschichte des Motorradtreffens im Biberenbad zu Ende.<br>Ein neuer Pr\u00e4sident konnte bis heute nicht gefunden werden, es scheint das der MCB in Zukunft etwas k\u00fcrzer treten muss.<br>In seiner langj\u00e4hrigen Geschichte gab es schon viele Hochs und Tiefs, so dass wir fest daran glauben, dass es bald wieder einmal aufw\u00e4rts gehen wird mit dem Club.<br>Das Seitenwagen Team Schlosser \/ Kolloch beendet die IDM f\u00fcr Gespanne auf dem 4. Platz.<br>Allen die uns die Treue gehalten haben auch in diesen schwierigen Zeiten geh\u00f6rt unser Dank!<br>Bericht vom Mototreffen 2005 So sch\u00f6n war&#8217;s<\/td>\n<\/tr>\n<tr>\n<td class=\"has-text-align-left\" data-align=\"left\">2004<\/td>\n<td>Zum 7. mal wird im Biberenbad das Motorradtreffen durchgef\u00fchrt.<br>Dies ist ein sch\u00f6ner erfolg f\u00fcr die Clubgeschichte, unser Dank geh\u00f6rt allen Hellfern die an diesem Event mitarbeiten, dies gilt insbesondere f\u00fcr Nichtmitglieder.<br>Das Wetter war dieses mal durchzogen, will heissen mies und Regnerisch.<br>Leider konnten dadurch nur wenige die tolle Action der Super-Motard-Fahrer bewundern.<br>Wir m\u00f6chten allen die uns die Treue halten und mit ihrem Besuch diesen Anlass erm\u00f6glichen Danken.<br>Bald geht ein Jahr zu ende, der Club ist auf der Suche nach einem neuen Pr\u00e4sidenten.<br>Wir werden aber auch mit dem bestehenden Vorstand das Treffen weiterf\u00fchren, und freuen uns wenn wir euch n\u00e4chstes Jahr zum 8. mal begr\u00fcssen k\u00f6nnen. Bis dahin kann ich euch nur auf den Bericht hinweisen, der Detailliert Auskunft gibt was da so abgegangen ist.<br>Bericht vom Mototreffen 2004 So sch\u00f6n wars<\/td>\n<\/tr>\n<tr>\n<td class=\"has-text-align-left\" data-align=\"left\">2003<\/td>\n<td>Auch in diesem Jahr machen wir eine Ausfahrt mit Kindern.<br>Wir besuchen den Flughafen Unique in Kloten. Wir haben sch\u00f6nes Wetter k\u00f6nnen eine tolle Tour machen und die Kinder vom Heimelig in Kerzers kommen voll auf ihre Kosten.<br>Leider wird \u00fcber diese Ausfahrt kein Bericht geschrieben, was sehr schade ist.<br>Der MCB Organisiert das 6. Mototreffen im Biberenbad.<br>Stuntman Steven sorgt f\u00fcr die Show!<br>Am Freitag spielen die Groove Bandits und am Samstagabend spielt die Gruppe Sensafon!<br>Es herrscht eine tolle Stimmung an beiden Tagen.<br>Wir freuen uns schon jetzt auf n\u00e4chstes Jahr und hoffen, auf euren Besuch, wenn es heisst, 7. Internationales Motorradtreffen im Biberenbad.<br>Bericht vom Mototreffen 2003 So sch\u00f6n war&#8217;s<\/td>\n<\/tr>\n<tr>\n<td class=\"has-text-align-left\" data-align=\"left\">2002<\/td>\n<td>Der MCB wird 75 Jahre jung! Ein Grund zum Feiern!<br>Auch in diesem Jahr machen wir eine Ausfahrt mit Kindern. Wir besuchen die Grimselkraftwerke,<br>den Kindern vom Landorf gef\u00e4llt der Tag, das Wetter allerdings ist nicht gerade das was Motorradfahrer lieben.<br>Der MCB Organisiert das 5. Mototreffen im Biberenbad.<br>Die Mad-Fleyers und der Brasilianische Stuntman begeistern, es war etwas gar heiss.<br>Wir freuen uns schon jetzt auf n\u00e4chstes Jahr und hoffen, auf euren Besuch, wenn es heisst 6. Internationales Motorradtreffen im Biberenbad.<br>Bericht vom Mototreffen 2002 So sch\u00f6n war&#8217;s<\/td>\n<\/tr>\n<tr>\n<td class=\"has-text-align-left\" data-align=\"left\">2001<\/td>\n<td>Es wird ein Super Jahr f\u00fcr den Moto-Club-B\u00fcmpliz!<br>Anl\u00e4sslich des 4. Mototreffen k\u00f6nnen wir einen Motorradstuntman pr\u00e4sentieren.<br>Das sch\u00f6ne Wetter und die Top Show bringen einen Rekordbesuch.<br>Bericht vom Mototreffen 2001 So sch\u00f6n war&#8217;s<\/td>\n<\/tr>\n<tr>\n<td class=\"has-text-align-left\" data-align=\"left\">2000<\/td>\n<td>Was bringt uns das neue Jahrtausend?<br>Das dritte Treffen im Biberenbad wurde ein voller Erfolg!<br>Der Club erreichte den 2. Rang Tourenschweizermeister FMS.<br>Es war f\u00fcr den MCB ein erfolgreiches Jahr und ein guter Start in einen neuen Zeitabschnitt.<br>Wir freuen uns auf ein neues Treffen im Biberenbad am 22. 23. 24. Juni 2001<\/td>\n<\/tr>\n<tr>\n<td class=\"has-text-align-left\" data-align=\"left\">1999<\/td>\n<td>Wir organieseren das Motorradtreffen im Biberenbad zum zweiten mal.<br>Trotz Regenwetter am Samstag gelingt es erneut ein erfolgreiches T\u00f6fftreffen durchzuf\u00fchren.<br>Die Countrybands am Freitag Company Time und am Samstag Howdy sind Spitze.<br>Das Seitenwagenteam Schlosser \/ Hauser beenden die Saison auf dem 4.Schlussrang obwohl die letzten Rennen wegen einem Sturz auf dem A1 Ring nicht gefahren werden k\u00f6nnen.<br>Der MCB ist erneut Tourenschweizermeister FMS 1999 geworden.<br>Bericht vom Mototreffen 1999 So sch\u00f6n war&#8217;s<\/td>\n<\/tr>\n<tr>\n<td class=\"has-text-align-left\" data-align=\"left\">1998<\/td>\n<td>Der Moto Club B\u00fcmpliz organisiert im Biberenbad sein erstes Internationales Motorradtreffen.<br>Es wird ein grosser Erfolg der in die Geschichte des Clubs eingehen wird.<br>Der MCB geht online und hat eine eigene Internetsite auf dem World Wide Web.<br>Das Seitenwagenteam Schlosser \/ Hauser beenden die Saison auf dem Sensationellen 3. Schlussrang.<\/td>\n<\/tr>\n<tr>\n<td class=\"has-text-align-left\" data-align=\"left\">1997<\/td>\n<td>Der MCB wird nach l\u00e4ngerer Durststrecke erneut Tourenschweizermeister FMS.<br>Das Seitenwagenteam Schlosser \/ Hauser kann sich in der Weltspitze der Gespanne etablieren.<\/td>\n<\/tr>\n<tr>\n<td class=\"has-text-align-left\" data-align=\"left\">1995<\/td>\n<td>Der Moto Club B\u00fcmpliz besucht im Str\u00f6menden Regen bei Jaques Cornu einen Fahrkurs.<\/td>\n<\/tr>\n<tr>\n<td class=\"has-text-align-left\" data-align=\"left\">1994<\/td>\n<td>Das Seitenwagenteam Schlosser \/ H\u00e4nni \/ Liechti \/ Gloor wird Schweizermeister.<\/td>\n<\/tr>\n<tr>\n<td class=\"has-text-align-left\" data-align=\"left\">1992<\/td>\n<td>Das Seitenwagenteam Schlosser \/ H\u00e4nni wird Schweizermeister.<\/td>\n<\/tr>\n<tr>\n<td class=\"has-text-align-left\" data-align=\"left\">1989<\/td>\n<td>Fabrikbesichtigung bei Moto Guzzi in Mandello del Lario am Comersee.<br>Die ersten FIM Rallyes werden durch den Club besucht.<\/td>\n<\/tr>\n<tr>\n<td class=\"has-text-align-left\" data-align=\"left\">1988<\/td>\n<td>Der Moto Club B\u00fcmpliz ist erneut wieder Tourenschweizermeister geworden.<\/td>\n<\/tr>\n<tr>\n<td class=\"has-text-align-left\" data-align=\"left\">1987<\/td>\n<td>Der MCB wird zum vierten aufeinanderfolgenden mal Tourenschweizermeister FMS.<\/td>\n<\/tr>\n<tr>\n<td class=\"has-text-align-left\" data-align=\"left\">1985<\/td>\n<td>Der MCB wird zum vierten aufeinanderfolgenden mal Tourenschweizermeister FMS.<\/td>\n<\/tr>\n<tr>\n<td class=\"has-text-align-left\" data-align=\"left\">1984<\/td>\n<td>Werkbesichtigung bei BMW in Berlin &#8211; Spandau.<\/td>\n<\/tr>\n<tr>\n<td class=\"has-text-align-left\" data-align=\"left\">1983<\/td>\n<td>Am 24. &#8211; 25. September organisiert der MCB das Schallenbergrennen.<br>Es wird ein voller Erfolg, der f\u00fcr lange Zeit die Aktivit\u00e4ten des Clubs beeinflusst.<br>Bericht vom Schallenbergrennen<\/td>\n<\/tr>\n<tr>\n<td class=\"has-text-align-left\" data-align=\"left\">1982<\/td>\n<td>Der Moto Club B\u00fcmpliz wird zum ersten mal Tourenschweizermeister FMS.<\/td>\n<\/tr>\n<tr>\n<td class=\"has-text-align-left\" data-align=\"left\">1969<\/td>\n<td>Der Moto Club B\u00fcmpliz organisiert das erste Schweizer Rundstreckenrennen in Hockenheim.<\/td>\n<\/tr>\n<tr>\n<td class=\"has-text-align-left\" data-align=\"left\">1950<\/td>\n<td>In den 50&#8217;iger Jahren Aenderung des Namens in Auto und Moto Club B\u00fcmpliz.<\/td>\n<\/tr>\n<tr>\n<td class=\"has-text-align-left\" data-align=\"left\">1929<\/td>\n<td>Beitritt des BSA Clubs B\u00fcmpliz in den BMV.<br>Hier ein Foto aus dieser Zeit<\/td>\n<\/tr>\n<tr>\n<td class=\"has-text-align-left\" data-align=\"left\">1927<\/td>\n<td>Da es sch\u00f6nes Wetter war, beschlossen einige B\u00fcmplizer eine Tour zu machen. Es gefiel ihnen sehr, sie beschlossen einen Motorradclub zu Gr\u00fcnden. Offenbar besassen einige ein Motorrad der Marke BSA. So wurde der BSA Club B\u00fcmpliz aus der Taufe gehoben.<br>Ein Jahr zuvor also 1926 wurde im Sternen in B\u00fcmpliz der BMV gegr\u00fcndet ( BMV = Bernischer &#8211; Motorradfahrer\u00c2&nbsp; &#8211; Verband ).<br>B\u00fcmpliz schien sich zu einer Hochburg des Motorrades zu entwickeln.<br>So nahm also die Geschichte des MCB&#8217;s ihren Lauf!<\/td>\n<\/tr>\n<\/tbody>\n<\/table>\n<\/figure>\n\n\n\n<div class=\"wp-block-group\"><div class=\"wp-block-group__inner-container is-layout-flow wp-block-group-is-layout-flow\"><\/div><\/div>\n<\/div>\n<\/div>\n<\/div><\/div>\n\n\n\n<p>In der Chronik findest du die Geschichte des MCB und links zu diversen Veranstaltungen des Clubs<\/p>\n","protected":false},"excerpt":{"rendered":"<p>Chronik des MCB 2023 Folgt.. 2022 H\u00f6ck und VeranstaltungenDonnerstag,&nbsp;&nbsp;03. Februar H\u00f6ck im J\u00e4ger&nbsp;&nbsp;&nbsp;&nbsp;&nbsp;&nbsp;&nbsp;&nbsp;&nbsp;&nbsp;&nbsp;&nbsp;&nbsp;&nbsp;&nbsp;&nbsp;&nbsp;&nbsp;&nbsp;&nbsp;&nbsp;&nbsp;&nbsp;&nbsp;&nbsp;&nbsp;&nbsp;&nbsp;&nbsp;&nbsp;Personen&nbsp;&nbsp;&nbsp;&nbsp;&nbsp; 10Donnerstag,&nbsp;&nbsp;&nbsp;&nbsp;&nbsp;&nbsp;&nbsp;&nbsp;&nbsp;&nbsp;&nbsp;&nbsp;&nbsp; 03. M\u00e4rz H\u00f6ck im J\u00e4ger&nbsp;&nbsp;&nbsp;&nbsp;&nbsp;&nbsp;&nbsp;&nbsp;&nbsp;&nbsp;&nbsp;&nbsp;&nbsp;&nbsp;&nbsp;&nbsp;&nbsp;&nbsp;&nbsp;&nbsp;&nbsp;&nbsp;&nbsp;&nbsp;&nbsp;&nbsp;&nbsp;&nbsp;&nbsp;&nbsp;Personen &nbsp;&nbsp;&nbsp;&nbsp; &nbsp;9Samstag,&nbsp;&nbsp;&nbsp;&nbsp;&nbsp;&nbsp;&nbsp;&nbsp;&nbsp;&nbsp;&nbsp;&nbsp;&nbsp;&nbsp;&nbsp;&nbsp;&nbsp;&nbsp; 19. M\u00e4rz HV Rest. Traube M\u00fchleberg&nbsp;&nbsp;Personen&nbsp;&nbsp;&nbsp;&nbsp;&nbsp; 24Donnerstag,&nbsp;&nbsp;&nbsp;&nbsp;&nbsp;&nbsp;&nbsp;&nbsp;&nbsp;&nbsp;&nbsp;&nbsp;&nbsp; 07. April H\u00f6ck im J\u00e4ger&nbsp;&nbsp;&nbsp;&nbsp;&nbsp;&nbsp;&nbsp;&nbsp;&nbsp;&nbsp;&nbsp;&nbsp;&nbsp;&nbsp;&nbsp;&nbsp;&nbsp;&nbsp;&nbsp;&nbsp;&nbsp;&nbsp;&nbsp;&nbsp;&nbsp;&nbsp;&nbsp;&nbsp;&nbsp;&nbsp;Personen&nbsp;&nbsp;&nbsp;&nbsp;&nbsp; 10Donnerstag,&nbsp;&nbsp;&nbsp;&nbsp;&nbsp;&nbsp;&nbsp;&nbsp;&nbsp;&nbsp;&nbsp;&nbsp;&nbsp; 05. Mail H\u00f6ck im J\u00e4ger&nbsp;&nbsp;&nbsp;&nbsp;&nbsp;&nbsp;&nbsp;&nbsp;&nbsp;&nbsp;&nbsp;&nbsp;&nbsp;&nbsp;&nbsp;&nbsp;&nbsp;&nbsp;&nbsp;&nbsp;&nbsp;&nbsp;&nbsp;&nbsp;&nbsp;&nbsp;&nbsp;&nbsp;&nbsp;&nbsp;Personen&nbsp;&nbsp;&nbsp;&nbsp;&nbsp; 10Samstag,&nbsp;&nbsp;&nbsp;&nbsp;&nbsp;&nbsp;&nbsp;&nbsp;&nbsp;&nbsp;&nbsp;&nbsp;&nbsp;&nbsp;&nbsp;&nbsp;&nbsp;&nbsp; 07. Mai Fr\u00fchlingsfahrt&nbsp;&nbsp;&nbsp;&nbsp;&nbsp;&nbsp;&nbsp;&nbsp;&nbsp;&nbsp;&nbsp;&nbsp;&nbsp;&nbsp;&nbsp;&nbsp;&nbsp;&nbsp;&nbsp;&nbsp;&nbsp;&nbsp;&nbsp;&nbsp;&nbsp;&nbsp;&nbsp;&nbsp;&nbsp;Personen&nbsp;&nbsp;&nbsp;&nbsp;&nbsp; 10Fr. bis So,&nbsp;&nbsp;&nbsp;&nbsp;&nbsp;&nbsp;&nbsp;&nbsp;&nbsp;&nbsp;&nbsp;&nbsp;&nbsp;&nbsp;&nbsp;&nbsp;&nbsp; 20.-22. Juni \u00abPfingstfahrt&nbsp;&nbsp;&nbsp;&nbsp;&nbsp;&nbsp;&nbsp;&nbsp;&nbsp;&nbsp;&nbsp;&nbsp;&nbsp;&nbsp;&nbsp;&nbsp;&nbsp;&nbsp;&nbsp;&nbsp;&nbsp;&nbsp;&nbsp;&nbsp;&nbsp;&nbsp;&nbsp;&nbsp;&nbsp;&nbsp;&nbsp;&nbsp;Personen&nbsp;&nbsp;&nbsp;&nbsp;&nbsp; 11Donnerstag,&nbsp;&nbsp;&nbsp;&nbsp;&nbsp;&nbsp;&nbsp;&nbsp;&nbsp;&nbsp;&nbsp;&nbsp;&nbsp; 02. Juni H\u00f6ck im J\u00e4ger&nbsp;&nbsp;&nbsp;&nbsp;&nbsp;&nbsp;&nbsp;&nbsp;&nbsp;&nbsp;&nbsp;&nbsp;&nbsp;&nbsp;&nbsp;&nbsp;&nbsp;&nbsp;&nbsp;&nbsp;&nbsp;&nbsp;&nbsp;&nbsp;&nbsp;&nbsp;&nbsp;&nbsp;&nbsp;&nbsp;&nbsp;&nbsp;Personen&nbsp;&nbsp;&nbsp;&nbsp;&nbsp; &hellip; <a href=\"http:\/\/www.mcb.ch\/index.php\/chronik\/\" class=\"more-link\"><span class=\"screen-reader-text\">&#8220;Chronik&#8221; <\/span>weiterlesen<\/a><\/p>\n","protected":false},"author":4,"featured_media":0,"parent":0,"menu_order":0,"comment_status":"closed","ping_status":"closed","template":"","meta":{"ngg_post_thumbnail":0,"footnotes":""},"class_list":["post-339","page","type-page","status-publish","hentry"],"_links":{"self":[{"href":"http:\/\/www.mcb.ch\/index.php\/wp-json\/wp\/v2\/pages\/339"}],"collection":[{"href":"http:\/\/www.mcb.ch\/index.php\/wp-json\/wp\/v2\/pages"}],"about":[{"href":"http:\/\/www.mcb.ch\/index.php\/wp-json\/wp\/v2\/types\/page"}],"author":[{"embeddable":true,"href":"http:\/\/www.mcb.ch\/index.php\/wp-json\/wp\/v2\/users\/4"}],"replies":[{"embeddable":true,"href":"http:\/\/www.mcb.ch\/index.php\/wp-json\/wp\/v2\/comments?post=339"}],"version-history":[{"count":36,"href":"http:\/\/www.mcb.ch\/index.php\/wp-json\/wp\/v2\/pages\/339\/revisions"}],"predecessor-version":[{"id":1474,"href":"http:\/\/www.mcb.ch\/index.php\/wp-json\/wp\/v2\/pages\/339\/revisions\/1474"}],"wp:attachment":[{"href":"http:\/\/www.mcb.ch\/index.php\/wp-json\/wp\/v2\/media?parent=339"}],"curies":[{"name":"wp","href":"https:\/\/api.w.org\/{rel}","templated":true}]}}